{"id":116,"date":"2020-05-15T23:40:25","date_gmt":"2020-05-15T21:40:25","guid":{"rendered":"http:\/\/amvconseil.fr\/?page_id=116"},"modified":"2020-12-03T15:40:28","modified_gmt":"2020-12-03T14:40:28","slug":"secteur-public","status":"publish","type":"page","link":"https:\/\/amvconseil.fr\/?page_id=116","title":{"rendered":"Secteur Public"},"content":{"rendered":"\t\t<div data-elementor-type=\"wp-page\" data-elementor-id=\"116\" class=\"elementor elementor-116\">\n\t\t\t\t\t\t<section class=\"elementor-section elementor-top-section elementor-element elementor-element-2ecb19c elementor-section-boxed elementor-section-height-default elementor-section-height-default\" data-id=\"2ecb19c\" data-element_type=\"section\">\n\t\t\t\t\t\t<div class=\"elementor-container elementor-column-gap-default\">\n\t\t\t\t\t<div class=\"elementor-column elementor-col-100 elementor-top-column elementor-element elementor-element-84d1a33\" data-id=\"84d1a33\" data-element_type=\"column\">\n\t\t\t<div class=\"elementor-widget-wrap elementor-element-populated\">\n\t\t\t\t\t\t<div class=\"elementor-element elementor-element-fc095ea elementor-widget elementor-widget-spacer\" data-id=\"fc095ea\" data-element_type=\"widget\" data-widget_type=\"spacer.default\">\n\t\t\t\t<div class=\"elementor-widget-container\">\n\t\t\t\t\t<div class=\"elementor-spacer\">\n\t\t\t<div class=\"elementor-spacer-inner\"><\/div>\n\t\t<\/div>\n\t\t\t\t<\/div>\n\t\t\t\t<\/div>\n\t\t\t\t<div class=\"elementor-element elementor-element-21f2fab elementor-widget elementor-widget-heading\" data-id=\"21f2fab\" data-element_type=\"widget\" data-widget_type=\"heading.default\">\n\t\t\t\t<div class=\"elementor-widget-container\">\n\t\t\t<h2 class=\"elementor-heading-title elementor-size-default\">secteur public<\/h2>\t\t<\/div>\n\t\t\t\t<\/div>\n\t\t\t\t\t<\/div>\n\t\t<\/div>\n\t\t\t\t\t<\/div>\n\t\t<\/section>\n\t\t\t\t<section class=\"elementor-section elementor-top-section elementor-element elementor-element-df5ae69 elementor-section-boxed elementor-section-height-default elementor-section-height-default\" data-id=\"df5ae69\" data-element_type=\"section\">\n\t\t\t\t\t\t<div class=\"elementor-container elementor-column-gap-default\">\n\t\t\t\t\t<div class=\"elementor-column elementor-col-100 elementor-top-column elementor-element elementor-element-87087f0\" data-id=\"87087f0\" data-element_type=\"column\">\n\t\t\t<div class=\"elementor-widget-wrap elementor-element-populated\">\n\t\t\t\t\t\t<section class=\"elementor-section elementor-inner-section elementor-element elementor-element-0b9e4df elementor-section-boxed elementor-section-height-default elementor-section-height-default\" data-id=\"0b9e4df\" data-element_type=\"section\">\n\t\t\t\t\t\t<div class=\"elementor-container elementor-column-gap-default\">\n\t\t\t\t\t<div class=\"elementor-column elementor-col-50 elementor-inner-column elementor-element elementor-element-2e3800a\" data-id=\"2e3800a\" data-element_type=\"column\">\n\t\t\t<div class=\"elementor-widget-wrap elementor-element-populated\">\n\t\t\t\t\t\t\t<\/div>\n\t\t<\/div>\n\t\t\t\t<div class=\"elementor-column elementor-col-50 elementor-inner-column elementor-element elementor-element-0b3e14d\" data-id=\"0b3e14d\" data-element_type=\"column\">\n\t\t\t<div class=\"elementor-widget-wrap elementor-element-populated\">\n\t\t\t\t\t\t<div class=\"elementor-element elementor-element-b6b595e elementor-widget elementor-widget-image\" data-id=\"b6b595e\" data-element_type=\"widget\" data-widget_type=\"image.default\">\n\t\t\t\t<div class=\"elementor-widget-container\">\n\t\t\t\t\t\t\t\t\t\t\t\t\t<img fetchpriority=\"high\" decoding=\"async\" width=\"1267\" height=\"453\" src=\"https:\/\/amvconseil.fr\/wp-content\/uploads\/2020\/05\/AMV-Secteur-2.jpg\" class=\"attachment-full size-full wp-image-318\" alt=\"\" srcset=\"https:\/\/amvconseil.fr\/wp-content\/uploads\/2020\/05\/AMV-Secteur-2.jpg 1267w, https:\/\/amvconseil.fr\/wp-content\/uploads\/2020\/05\/AMV-Secteur-2-300x107.jpg 300w, https:\/\/amvconseil.fr\/wp-content\/uploads\/2020\/05\/AMV-Secteur-2-1024x366.jpg 1024w, https:\/\/amvconseil.fr\/wp-content\/uploads\/2020\/05\/AMV-Secteur-2-768x275.jpg 768w\" sizes=\"(max-width: 1267px) 100vw, 1267px\" \/>\t\t\t\t\t\t\t\t\t\t\t\t\t<\/div>\n\t\t\t\t<\/div>\n\t\t\t\t\t<\/div>\n\t\t<\/div>\n\t\t\t\t\t<\/div>\n\t\t<\/section>\n\t\t\t\t\t<\/div>\n\t\t<\/div>\n\t\t\t\t\t<\/div>\n\t\t<\/section>\n\t\t\t\t<section class=\"elementor-section elementor-top-section elementor-element elementor-element-4e994ef elementor-section-boxed elementor-section-height-default elementor-section-height-default\" data-id=\"4e994ef\" data-element_type=\"section\">\n\t\t\t\t\t\t<div class=\"elementor-container elementor-column-gap-default\">\n\t\t\t\t\t<div class=\"elementor-column elementor-col-100 elementor-top-column elementor-element elementor-element-e033feb\" data-id=\"e033feb\" data-element_type=\"column\">\n\t\t\t<div class=\"elementor-widget-wrap elementor-element-populated\">\n\t\t\t\t\t\t<div class=\"elementor-element elementor-element-81da826 elementor-widget elementor-widget-spacer\" data-id=\"81da826\" data-element_type=\"widget\" data-widget_type=\"spacer.default\">\n\t\t\t\t<div class=\"elementor-widget-container\">\n\t\t\t\t\t<div class=\"elementor-spacer\">\n\t\t\t<div class=\"elementor-spacer-inner\"><\/div>\n\t\t<\/div>\n\t\t\t\t<\/div>\n\t\t\t\t<\/div>\n\t\t\t\t<div class=\"elementor-element elementor-element-1766685 elementor-widget elementor-widget-heading\" data-id=\"1766685\" data-element_type=\"widget\" data-widget_type=\"heading.default\">\n\t\t\t\t<div class=\"elementor-widget-container\">\n\t\t\t<h2 class=\"elementor-heading-title elementor-size-default\">Exemples d'interventions \/ R\u00e9ferences<\/h2>\t\t<\/div>\n\t\t\t\t<\/div>\n\t\t\t\t<div class=\"elementor-element elementor-element-ef596e0 elementor-widget elementor-widget-spacer\" data-id=\"ef596e0\" data-element_type=\"widget\" data-widget_type=\"spacer.default\">\n\t\t\t\t<div class=\"elementor-widget-container\">\n\t\t\t\t\t<div class=\"elementor-spacer\">\n\t\t\t<div class=\"elementor-spacer-inner\"><\/div>\n\t\t<\/div>\n\t\t\t\t<\/div>\n\t\t\t\t<\/div>\n\t\t\t\t<section class=\"elementor-section elementor-inner-section elementor-element elementor-element-68beb10 elementor-section-boxed elementor-section-height-default elementor-section-height-default\" data-id=\"68beb10\" data-element_type=\"section\">\n\t\t\t\t\t\t<div class=\"elementor-container elementor-column-gap-default\">\n\t\t\t\t\t<div class=\"elementor-column elementor-col-50 elementor-inner-column elementor-element elementor-element-c8a944c\" data-id=\"c8a944c\" data-element_type=\"column\">\n\t\t\t<div class=\"elementor-widget-wrap elementor-element-populated\">\n\t\t\t\t\t\t<div class=\"elementor-element elementor-element-50af25f elementor-widget elementor-widget-heading\" data-id=\"50af25f\" data-element_type=\"widget\" data-widget_type=\"heading.default\">\n\t\t\t\t<div class=\"elementor-widget-container\">\n\t\t\t<h2 class=\"elementor-heading-title elementor-size-default\">Commune de Veretz<\/h2>\t\t<\/div>\n\t\t\t\t<\/div>\n\t\t\t\t<div class=\"elementor-element elementor-element-f926129 elementor-widget elementor-widget-heading\" data-id=\"f926129\" data-element_type=\"widget\" data-widget_type=\"heading.default\">\n\t\t\t\t<div class=\"elementor-widget-container\">\n\t\t\t<h2 class=\"elementor-heading-title elementor-size-default\">Analyse situationnelle et animation d'un Future Search<\/h2>\t\t<\/div>\n\t\t\t\t<\/div>\n\t\t\t\t\t<\/div>\n\t\t<\/div>\n\t\t\t\t<div class=\"elementor-column elementor-col-50 elementor-inner-column elementor-element elementor-element-b20c682\" data-id=\"b20c682\" data-element_type=\"column\">\n\t\t\t<div class=\"elementor-widget-wrap elementor-element-populated\">\n\t\t\t\t\t\t<div class=\"elementor-element elementor-element-76de43b elementor-hidden-phone elementor-widget elementor-widget-image\" data-id=\"76de43b\" data-element_type=\"widget\" data-widget_type=\"image.default\">\n\t\t\t\t<div class=\"elementor-widget-container\">\n\t\t\t\t\t\t\t\t\t\t\t\t\t<img decoding=\"async\" src=\"https:\/\/amvconseil.fr\/wp-content\/uploads\/2020\/10\/logo_veretz.jpg\" title=\"logo_veretz\" alt=\"logo_veretz\" loading=\"lazy\" \/>\t\t\t\t\t\t\t\t\t\t\t\t\t<\/div>\n\t\t\t\t<\/div>\n\t\t\t\t\t<\/div>\n\t\t<\/div>\n\t\t\t\t\t<\/div>\n\t\t<\/section>\n\t\t\t\t<div class=\"elementor-element elementor-element-5019287 elementor-widget elementor-widget-text-editor\" data-id=\"5019287\" data-element_type=\"widget\" data-widget_type=\"text-editor.default\">\n\t\t\t\t<div class=\"elementor-widget-container\">\n\t\t\t\t\t\t\t<p><strong>CONTEXTE ET ENJEUX<\/strong><br \/>Une nouvelle \u00e9quipe arrivant \u00e0 la mairie, celle-ci a voulu associer davantage les services au projet politique. Pour ce faire elle a souhait\u00e9 entendre l&rsquo;ensemble des agents et mettre en place une action en intelligence collective pour f\u00e9d\u00e9rer l&rsquo;ensemble de l&rsquo;\u00e9quipe (agents et \u00e9lus) autour du projet. Elle a souhait\u00e9 aussi se former \u00e0 l&rsquo;animation de r\u00e9union et \u00e0 la gestion de projet.<\/p><p><strong>PRESTATIONS R\u00c9ALIS\u00c9ES<\/strong><\/p><p><span style=\"font-size: 13.0pt; font-family: 'open sans',serif; color: black;\">Analyse situationnelle \u00e0 partir d&rsquo;entretiens individuels avec l&rsquo;ensemble des agents<br style=\"box-sizing: border-box;\" \/>Mise en place d&rsquo;un \u00ab\u00a0Future Search\u00a0\u00bb<\/span><\/p><p style=\"margin: 0cm; background: white;\"><span style=\"font-size: 13.0pt; font-family: 'open sans',serif; color: black;\">Formation des \u00e9lus \u00e0 l&rsquo;animation des r\u00e9unions (Bureau municipal et commission)<\/span><\/p><p style=\"margin: 0cm; background: white; box-sizing: border-box; font-variant-ligatures: normal; font-variant-caps: normal; orphans: 2; text-align: start; widows: 2; -webkit-text-stroke-width: 0px; text-decoration-style: initial; text-decoration-color: initial; word-spacing: 0px;\"><span style=\"font-size: 13.0pt; font-family: 'open sans',serif; color: black;\">Formation des cadres \u00e0 la gestion de projet.<\/span><\/p><p><img decoding=\"async\" src=\"http:\/\/amvconseil.fr\/wp-content\/uploads\/2020\/05\/Fichier-105@3x.png\" alt=\"\" width=\"74\" height=\"74\" \/> Vous pouvez consulter\u00a0 la\u00a0 :<a href=\"http:\/\/amvconseil.fr\/wp-content\/uploads\/2020\/12\/lettre-recommandation-BP-1.pdf\"><span style=\"text-decoration-line: underline;\"><strong> lettre recommandation Veretz<\/strong><\/span><\/a><\/p><p style=\"margin: 0cm; background: white; box-sizing: border-box; font-variant-ligatures: normal; font-variant-caps: normal; orphans: 2; text-align: start; widows: 2; -webkit-text-stroke-width: 0px; text-decoration-style: initial; text-decoration-color: initial; word-spacing: 0px;\"><span style=\"font-size: 13.0pt; font-family: 'open sans',serif; color: black;\">\u00a0<\/span><\/p><p><strong>CHIFFRES CLEFS<\/strong><br \/>\u2013 Plus de 40 entretiens individuels<br \/>\u2013 Trois soirs d&rsquo;animation du \u00ab\u00a0Futur Search\u00a0\u00bb avec des agents et des \u00e9lus<br \/>\u2013\u00a0Plus de 20 personnes form\u00e9es<br \/>\u2013 Localisation : Indre et Loire (4 500 hab)<\/p>\t\t\t\t\t\t<\/div>\n\t\t\t\t<\/div>\n\t\t\t\t<section class=\"elementor-section elementor-inner-section elementor-element elementor-element-acfc80b elementor-section-boxed elementor-section-height-default elementor-section-height-default\" data-id=\"acfc80b\" data-element_type=\"section\">\n\t\t\t\t\t\t<div class=\"elementor-container elementor-column-gap-default\">\n\t\t\t\t\t<div class=\"elementor-column elementor-col-50 elementor-inner-column elementor-element elementor-element-163316f\" data-id=\"163316f\" data-element_type=\"column\">\n\t\t\t<div class=\"elementor-widget-wrap elementor-element-populated\">\n\t\t\t\t\t\t<div class=\"elementor-element elementor-element-ddd6cac elementor-widget-divider--view-line elementor-widget elementor-widget-divider\" data-id=\"ddd6cac\" data-element_type=\"widget\" data-widget_type=\"divider.default\">\n\t\t\t\t<div class=\"elementor-widget-container\">\n\t\t\t\t\t<div class=\"elementor-divider\">\n\t\t\t<span class=\"elementor-divider-separator\">\n\t\t\t\t\t\t<\/span>\n\t\t<\/div>\n\t\t\t\t<\/div>\n\t\t\t\t<\/div>\n\t\t\t\t\t<\/div>\n\t\t<\/div>\n\t\t\t\t<div class=\"elementor-column elementor-col-50 elementor-inner-column elementor-element elementor-element-7cad2f6\" data-id=\"7cad2f6\" data-element_type=\"column\">\n\t\t\t<div class=\"elementor-widget-wrap\">\n\t\t\t\t\t\t\t<\/div>\n\t\t<\/div>\n\t\t\t\t\t<\/div>\n\t\t<\/section>\n\t\t\t\t<section class=\"elementor-section elementor-inner-section elementor-element elementor-element-96d61db elementor-section-boxed elementor-section-height-default elementor-section-height-default\" data-id=\"96d61db\" data-element_type=\"section\">\n\t\t\t\t\t\t<div class=\"elementor-container elementor-column-gap-default\">\n\t\t\t\t\t<div class=\"elementor-column elementor-col-50 elementor-inner-column elementor-element elementor-element-17bd202\" data-id=\"17bd202\" data-element_type=\"column\">\n\t\t\t<div class=\"elementor-widget-wrap elementor-element-populated\">\n\t\t\t\t\t\t<div class=\"elementor-element elementor-element-3310056 elementor-widget elementor-widget-heading\" data-id=\"3310056\" data-element_type=\"widget\" data-widget_type=\"heading.default\">\n\t\t\t\t<div class=\"elementor-widget-container\">\n\t\t\t<h2 class=\"elementor-heading-title elementor-size-default\">Commune de MONNAIE<\/h2>\t\t<\/div>\n\t\t\t\t<\/div>\n\t\t\t\t<div class=\"elementor-element elementor-element-3baba63 elementor-widget elementor-widget-heading\" data-id=\"3baba63\" data-element_type=\"widget\" data-widget_type=\"heading.default\">\n\t\t\t\t<div class=\"elementor-widget-container\">\n\t\t\t<h2 class=\"elementor-heading-title elementor-size-default\">OBSERVATION EXTERIEURE DU FONCTIONNEMENT DE L'ADMINISTRATION ET DU RESPONSABLE DES SERVICES TECHNIQUES - ENTRETIENS AVEC LES MEMBRES DU bm<\/h2>\t\t<\/div>\n\t\t\t\t<\/div>\n\t\t\t\t\t<\/div>\n\t\t<\/div>\n\t\t\t\t<div class=\"elementor-column elementor-col-50 elementor-inner-column elementor-element elementor-element-67e1b8d\" data-id=\"67e1b8d\" data-element_type=\"column\">\n\t\t\t<div class=\"elementor-widget-wrap elementor-element-populated\">\n\t\t\t\t\t\t<div class=\"elementor-element elementor-element-4fcb3e2 elementor-hidden-phone elementor-widget elementor-widget-image\" data-id=\"4fcb3e2\" data-element_type=\"widget\" data-widget_type=\"image.default\">\n\t\t\t\t<div class=\"elementor-widget-container\">\n\t\t\t\t\t\t\t\t\t\t\t\t\t<img decoding=\"async\" src=\"https:\/\/amvconseil.fr\/wp-content\/uploads\/2020\/12\/monnaie.png\" title=\"monnaie\" alt=\"monnaie\" loading=\"lazy\" \/>\t\t\t\t\t\t\t\t\t\t\t\t\t<\/div>\n\t\t\t\t<\/div>\n\t\t\t\t\t<\/div>\n\t\t<\/div>\n\t\t\t\t\t<\/div>\n\t\t<\/section>\n\t\t\t\t<div class=\"elementor-element elementor-element-2d5429c elementor-widget elementor-widget-text-editor\" data-id=\"2d5429c\" data-element_type=\"widget\" data-widget_type=\"text-editor.default\">\n\t\t\t\t<div class=\"elementor-widget-container\">\n\t\t\t\t\t\t\t<p><strong>CONTEXTE ET ENJEUX<\/strong><br \/>Pour ce deuxi\u00e8me mandat, Monsieur le Maire, a souhait\u00e9 avoir un regard ext\u00e9rieur sur le fonctionnement et l&rsquo;organisation de l&rsquo;administration g\u00e9n\u00e9rale et technique. En parall\u00e8le un temps d&rsquo;\u00e9changes a \u00e9t\u00e9 souhait\u00e9 pour \u00e9couter les membres du bureau municipal.<\/p><p><strong>PRESTATIONS R\u00c9ALIS\u00c9ES<\/strong><\/p><p>En utilisant une matrice de Fox, \u00e0 partir de la m\u00e9thodologie d&rsquo;observation des organisations de la Th\u00e9orie des Organisations de Berne, restitution d&rsquo;un retour des entretiens r\u00e9alis\u00e9s. Observation des points forts, des points d&rsquo;am\u00e9lioration et des points d&rsquo;urgence. Pr\u00e9sentation aux acteurs et mise en place d&rsquo;un plan d&rsquo;actions concret et partag\u00e9.<\/p><p><strong>CHIFFRES CLEFS<\/strong><br \/>\u2013 Plus de 12 entretiens individuels<br \/>\u2013 Restitution collective aux agents et aux \u00e9lus<br \/>\u2013\u00a0Plus de 15 actions concr\u00e8tes propos\u00e9es<br \/>\u2013 Localisation : Indre et Loire (4 500 hab)<\/p>\t\t\t\t\t\t<\/div>\n\t\t\t\t<\/div>\n\t\t\t\t<section class=\"elementor-section elementor-inner-section elementor-element elementor-element-740dd69 elementor-section-boxed elementor-section-height-default elementor-section-height-default\" data-id=\"740dd69\" data-element_type=\"section\">\n\t\t\t\t\t\t<div class=\"elementor-container elementor-column-gap-default\">\n\t\t\t\t\t<div class=\"elementor-column elementor-col-50 elementor-inner-column elementor-element elementor-element-7cd6d63\" data-id=\"7cd6d63\" data-element_type=\"column\">\n\t\t\t<div class=\"elementor-widget-wrap elementor-element-populated\">\n\t\t\t\t\t\t<div class=\"elementor-element elementor-element-24a554b elementor-widget-divider--view-line elementor-widget elementor-widget-divider\" data-id=\"24a554b\" data-element_type=\"widget\" data-widget_type=\"divider.default\">\n\t\t\t\t<div class=\"elementor-widget-container\">\n\t\t\t\t\t<div class=\"elementor-divider\">\n\t\t\t<span class=\"elementor-divider-separator\">\n\t\t\t\t\t\t<\/span>\n\t\t<\/div>\n\t\t\t\t<\/div>\n\t\t\t\t<\/div>\n\t\t\t\t\t<\/div>\n\t\t<\/div>\n\t\t\t\t<div class=\"elementor-column elementor-col-50 elementor-inner-column elementor-element elementor-element-88db1d0\" data-id=\"88db1d0\" data-element_type=\"column\">\n\t\t\t<div class=\"elementor-widget-wrap\">\n\t\t\t\t\t\t\t<\/div>\n\t\t<\/div>\n\t\t\t\t\t<\/div>\n\t\t<\/section>\n\t\t\t\t<section class=\"elementor-section elementor-inner-section elementor-element elementor-element-be7185a elementor-section-boxed elementor-section-height-default elementor-section-height-default\" data-id=\"be7185a\" data-element_type=\"section\">\n\t\t\t\t\t\t<div class=\"elementor-container elementor-column-gap-default\">\n\t\t\t\t\t<div class=\"elementor-column elementor-col-50 elementor-inner-column elementor-element elementor-element-492ebe6\" data-id=\"492ebe6\" data-element_type=\"column\">\n\t\t\t<div class=\"elementor-widget-wrap elementor-element-populated\">\n\t\t\t\t\t\t<div class=\"elementor-element elementor-element-5d59515 elementor-widget elementor-widget-heading\" data-id=\"5d59515\" data-element_type=\"widget\" data-widget_type=\"heading.default\">\n\t\t\t\t<div class=\"elementor-widget-container\">\n\t\t\t<h2 class=\"elementor-heading-title elementor-size-default\">Commune de Mer et Communaut\u00e9 de Communes Beauce Val de Loire<\/h2>\t\t<\/div>\n\t\t\t\t<\/div>\n\t\t\t\t<div class=\"elementor-element elementor-element-8f4c9b3 elementor-widget elementor-widget-heading\" data-id=\"8f4c9b3\" data-element_type=\"widget\" data-widget_type=\"heading.default\">\n\t\t\t\t<div class=\"elementor-widget-container\">\n\t\t\t<h2 class=\"elementor-heading-title elementor-size-default\">Mission d\u2019accompagnement concernant la Mise \u00e0 jour du cadre r\u00e9glementaire relatif au temps de travail<\/h2>\t\t<\/div>\n\t\t\t\t<\/div>\n\t\t\t\t\t<\/div>\n\t\t<\/div>\n\t\t\t\t<div class=\"elementor-column elementor-col-50 elementor-inner-column elementor-element elementor-element-2c574df\" data-id=\"2c574df\" data-element_type=\"column\">\n\t\t\t<div class=\"elementor-widget-wrap elementor-element-populated\">\n\t\t\t\t\t\t<div class=\"elementor-element elementor-element-10e2ed6 elementor-hidden-phone elementor-widget elementor-widget-image\" data-id=\"10e2ed6\" data-element_type=\"widget\" data-widget_type=\"image.default\">\n\t\t\t\t<div class=\"elementor-widget-container\">\n\t\t\t\t\t\t\t\t\t\t\t\t\t<img decoding=\"async\" src=\"https:\/\/amvconseil.fr\/wp-content\/uploads\/2020\/12\/mer.png\" title=\"mer\" alt=\"mer\" loading=\"lazy\" \/>\t\t\t\t\t\t\t\t\t\t\t\t\t<\/div>\n\t\t\t\t<\/div>\n\t\t\t\t<div class=\"elementor-element elementor-element-609b9a8 elementor-widget elementor-widget-image\" data-id=\"609b9a8\" data-element_type=\"widget\" data-widget_type=\"image.default\">\n\t\t\t\t<div class=\"elementor-widget-container\">\n\t\t\t\t\t\t\t\t\t\t\t\t\t<img decoding=\"async\" width=\"509\" height=\"244\" src=\"https:\/\/amvconseil.fr\/wp-content\/uploads\/2020\/12\/cc-beauce-val-de-loire.png\" class=\"attachment-large size-large wp-image-588\" alt=\"\" srcset=\"https:\/\/amvconseil.fr\/wp-content\/uploads\/2020\/12\/cc-beauce-val-de-loire.png 509w, https:\/\/amvconseil.fr\/wp-content\/uploads\/2020\/12\/cc-beauce-val-de-loire-300x144.png 300w\" sizes=\"(max-width: 509px) 100vw, 509px\" \/>\t\t\t\t\t\t\t\t\t\t\t\t\t<\/div>\n\t\t\t\t<\/div>\n\t\t\t\t\t<\/div>\n\t\t<\/div>\n\t\t\t\t\t<\/div>\n\t\t<\/section>\n\t\t\t\t<div class=\"elementor-element elementor-element-57dd57f elementor-widget elementor-widget-text-editor\" data-id=\"57dd57f\" data-element_type=\"widget\" data-widget_type=\"text-editor.default\">\n\t\t\t\t<div class=\"elementor-widget-container\">\n\t\t\t\t\t\t\t<p><strong>CONTEXTE ET ENJEUX<\/strong><br \/>La commune et la communaut\u00e9 de communes ont mutualis\u00e9 beaucoup d\u2019actions et de personnels.<br \/>Au regard d\u2019un premier rapport d\u2019observation il est apparu utile de proc\u00e9der \u00e0 un recueil des pratiques et cours pour tendre vers la mise en place d\u2019un cadre r\u00e9glementaire pr\u00e9cis et partag\u00e9 par le plus grand nombre.<\/p><p><strong>PRESTATIONS R\u00c9ALIS\u00c9ES<\/strong><br \/>\u00c9tat des lieux et diagnostic, utilisation de formulaires en ligne<br \/>Participation aux diff\u00e9rentes instances (CODIR, CT, r\u00e9unions d\u2019\u00e9lus)<br \/>Recommandations et Plan d\u2019actions pour la mise en oeuvre effective<br \/>Accompagnement plus sp\u00e9cifique de la DRH dans la r\u00e9daction d\u2019une charte interne relative au temps de travail<br \/>Cr\u00e9ation de nouveaux outils<\/p><p><strong>CHIFFRES CLEFS<\/strong><br \/>\u2013 Secteur sensible \u00e0 quelques mois des \u00e9lections<br \/>\u2013 Plus de 3oo Agents concern\u00e9s<br \/>\u2013 Deux collectivit\u00e9s associ\u00e9es dans la d\u00e9marche<br \/>\u2013 plus de 25 000 habitants<br \/>\u2013 Localisation : Loir et Cher<\/p>\t\t\t\t\t\t<\/div>\n\t\t\t\t<\/div>\n\t\t\t\t<div class=\"elementor-element elementor-element-9fa2784 elementor-widget-divider--view-line elementor-widget elementor-widget-divider\" data-id=\"9fa2784\" data-element_type=\"widget\" data-widget_type=\"divider.default\">\n\t\t\t\t<div class=\"elementor-widget-container\">\n\t\t\t\t\t<div class=\"elementor-divider\">\n\t\t\t<span class=\"elementor-divider-separator\">\n\t\t\t\t\t\t<\/span>\n\t\t<\/div>\n\t\t\t\t<\/div>\n\t\t\t\t<\/div>\n\t\t\t\t\t<\/div>\n\t\t<\/div>\n\t\t\t\t\t<\/div>\n\t\t<\/section>\n\t\t\t\t<section class=\"elementor-section elementor-top-section elementor-element elementor-element-304c3e1 elementor-section-boxed elementor-section-height-default elementor-section-height-default\" data-id=\"304c3e1\" data-element_type=\"section\">\n\t\t\t\t\t\t<div class=\"elementor-container elementor-column-gap-default\">\n\t\t\t\t\t<div class=\"elementor-column elementor-col-100 elementor-top-column elementor-element elementor-element-a2aed94\" data-id=\"a2aed94\" data-element_type=\"column\">\n\t\t\t<div class=\"elementor-widget-wrap elementor-element-populated\">\n\t\t\t\t\t\t<section class=\"elementor-section elementor-inner-section elementor-element elementor-element-579a64b elementor-section-boxed elementor-section-height-default elementor-section-height-default\" data-id=\"579a64b\" data-element_type=\"section\">\n\t\t\t\t\t\t<div class=\"elementor-container elementor-column-gap-default\">\n\t\t\t\t\t<div class=\"elementor-column elementor-col-50 elementor-inner-column elementor-element elementor-element-31241c3\" data-id=\"31241c3\" data-element_type=\"column\">\n\t\t\t<div class=\"elementor-widget-wrap elementor-element-populated\">\n\t\t\t\t\t\t<div class=\"elementor-element elementor-element-5e1c039 elementor-widget elementor-widget-heading\" data-id=\"5e1c039\" data-element_type=\"widget\" data-widget_type=\"heading.default\">\n\t\t\t\t<div class=\"elementor-widget-container\">\n\t\t\t<h2 class=\"elementor-heading-title elementor-size-default\">Communaut\u00e9 de Communes du Haut Poitou<\/h2>\t\t<\/div>\n\t\t\t\t<\/div>\n\t\t\t\t<div class=\"elementor-element elementor-element-a21fc8b elementor-widget elementor-widget-heading\" data-id=\"a21fc8b\" data-element_type=\"widget\" data-widget_type=\"heading.default\">\n\t\t\t\t<div class=\"elementor-widget-container\">\n\t\t\t<h2 class=\"elementor-heading-title elementor-size-default\">Mission d\u2019accompagnement \u00e0 la r\u00e9daction d\u2019un projet de territoire<\/h2>\t\t<\/div>\n\t\t\t\t<\/div>\n\t\t\t\t\t<\/div>\n\t\t<\/div>\n\t\t\t\t<div class=\"elementor-column elementor-col-50 elementor-inner-column elementor-element elementor-element-d61f37b\" data-id=\"d61f37b\" data-element_type=\"column\">\n\t\t\t<div class=\"elementor-widget-wrap elementor-element-populated\">\n\t\t\t\t\t\t<div class=\"elementor-element elementor-element-3f93e48 elementor-hidden-phone elementor-widget elementor-widget-image\" data-id=\"3f93e48\" data-element_type=\"widget\" data-widget_type=\"image.default\">\n\t\t\t\t<div class=\"elementor-widget-container\">\n\t\t\t\t\t\t\t\t\t\t\t\t\t<img decoding=\"async\" src=\"https:\/\/amvconseil.fr\/wp-content\/uploads\/2020\/12\/CC-haut-poitou.png\" title=\"CC haut poitou\" alt=\"CC haut poitou\" loading=\"lazy\" \/>\t\t\t\t\t\t\t\t\t\t\t\t\t<\/div>\n\t\t\t\t<\/div>\n\t\t\t\t\t<\/div>\n\t\t<\/div>\n\t\t\t\t\t<\/div>\n\t\t<\/section>\n\t\t\t\t<div class=\"elementor-element elementor-element-926e4ed elementor-widget elementor-widget-text-editor\" data-id=\"926e4ed\" data-element_type=\"widget\" data-widget_type=\"text-editor.default\">\n\t\t\t\t<div class=\"elementor-widget-container\">\n\t\t\t\t\t\t\t<p><strong>CONTEXTE ET ENJEUX<\/strong><br \/>La communaut\u00e9 de communes du Haut Poitou a \u00e9t\u00e9 cr\u00e9\u00e9 dans le cadre de la loi Notre en fusionnant 3 intercommunalit\u00e9s sur son territoire.<br \/>Apr\u00e8s 2 ann\u00e9es de fonctionnement et avant les prochaines \u00e9lections un comit\u00e9 de pilotage relatif au projet de territoire a \u00e9t\u00e9 cr\u00e9\u00e9.<\/p><p><strong>PRESTATIONS R\u00c9ALIS\u00c9ES<\/strong><br \/>Animation de r\u00e9unions th\u00e9matiques territoriales (Utilisation de la technique du World Caf\u00e9) pour faire r\u00e9fl\u00e9chir \u00e0 la d\u00e9marche et aux actions \u00e0 inscrire dans ce projet de territoire.<br \/>Mise en place d\u2019un \u201cFutur Search\u201d des agents et des \u00e9lus pour \u00e9tayer la d\u00e9marche et cr\u00e9er une culture commune.<br \/>Mise en place et animation d\u2019une r\u00e9union entre l\u2019\u00e9quipe de direction de la com com et des DGS des communes membres. Mieux se connaitre pour mieux travailler ensemble demain<br \/>Recommandations et Plan d\u2019actions pour la mise en oeuvre effective<br \/>Accompagnement plus sp\u00e9cifique du CODIR et pr\u00e9sentation d\u2019outils de sociocratie pour se r\u00e9unir autrement<br \/>Cr\u00e9ation de nouveaux outils : Cartes Trello pour suivi du plan d\u2019actions<\/p><p>Analyse situationnelles des diff\u00e9rentes DGA<\/p><p>Formation \u00e0 la gestion de projet<\/p><p>Accompagnement dans la r\u00e9daction du nouvel organigramme<\/p><p><strong>GAINS\/<\/strong><b>B\u00c9N\u00c9FICES<\/b><br \/>Instauration d&rsquo;un cadre permettant de mieux communiquer entre \u00e9lus<br \/>Aboutissement de la d\u00e9marche de co-cr\u00e9ation du document \u00ab\u00a0Projet de territoire\u00a0\u00bb <br \/>Mise en place des premi\u00e8res r\u00e9unions entre les cadres de la CCHP et les DGS des communes membres<\/p><p><img decoding=\"async\" src=\"http:\/\/amvconseil.fr\/wp-content\/uploads\/2020\/05\/Fichier-105@3x.png\" alt=\"\" width=\"74\" height=\"74\" \/> Vous pouvez consulter\u00a0 la\u00a0 :<span style=\"text-decoration: underline;\"><strong>\u00a0<a href=\"http:\/\/amvconseil.fr\/wp-content\/uploads\/2020\/06\/lettreRecommandationCCHP.pdf\">lettreRecommandationCCHP<\/a><\/strong><\/span><\/p><p><strong>CHIFFRES CLEFS<\/strong><br \/>\u2013 Calendrier de mission contraint pour ne pas trop interf\u00e9rer sur les prochaines \u00e9lections<br \/>\u2013 Beaucoup d\u2019entretiens individuels (\u00e9lus et agents), de r\u00e9unions collectives<br \/>\u2013 27 communes plus de 40 000 habitants<br \/>\u2013 Localisation : Vienne<\/p>\t\t\t\t\t\t<\/div>\n\t\t\t\t<\/div>\n\t\t\t\t<div class=\"elementor-element elementor-element-61aed95 elementor-widget-divider--view-line elementor-widget elementor-widget-divider\" data-id=\"61aed95\" data-element_type=\"widget\" data-widget_type=\"divider.default\">\n\t\t\t\t<div class=\"elementor-widget-container\">\n\t\t\t\t\t<div class=\"elementor-divider\">\n\t\t\t<span class=\"elementor-divider-separator\">\n\t\t\t\t\t\t<\/span>\n\t\t<\/div>\n\t\t\t\t<\/div>\n\t\t\t\t<\/div>\n\t\t\t\t\t<\/div>\n\t\t<\/div>\n\t\t\t\t\t<\/div>\n\t\t<\/section>\n\t\t\t\t<section class=\"elementor-section elementor-top-section elementor-element elementor-element-88ac277 elementor-section-boxed elementor-section-height-default elementor-section-height-default\" data-id=\"88ac277\" data-element_type=\"section\">\n\t\t\t\t\t\t<div class=\"elementor-container elementor-column-gap-default\">\n\t\t\t\t\t<div class=\"elementor-column elementor-col-100 elementor-top-column elementor-element elementor-element-21eda01\" data-id=\"21eda01\" data-element_type=\"column\">\n\t\t\t<div class=\"elementor-widget-wrap elementor-element-populated\">\n\t\t\t\t\t\t<section class=\"elementor-section elementor-inner-section elementor-element elementor-element-1b1253c elementor-section-boxed elementor-section-height-default elementor-section-height-default\" data-id=\"1b1253c\" data-element_type=\"section\">\n\t\t\t\t\t\t<div class=\"elementor-container elementor-column-gap-default\">\n\t\t\t\t\t<div class=\"elementor-column elementor-col-50 elementor-inner-column elementor-element elementor-element-cb9b464\" data-id=\"cb9b464\" data-element_type=\"column\">\n\t\t\t<div class=\"elementor-widget-wrap elementor-element-populated\">\n\t\t\t\t\t\t<div class=\"elementor-element elementor-element-68d8b78 elementor-widget elementor-widget-heading\" data-id=\"68d8b78\" data-element_type=\"widget\" data-widget_type=\"heading.default\">\n\t\t\t\t<div class=\"elementor-widget-container\">\n\t\t\t<h2 class=\"elementor-heading-title elementor-size-default\">Communaut\u00e9 de Communes Beauce Val de Loire<\/h2>\t\t<\/div>\n\t\t\t\t<\/div>\n\t\t\t\t<div class=\"elementor-element elementor-element-a5f849d elementor-widget elementor-widget-heading\" data-id=\"a5f849d\" data-element_type=\"widget\" data-widget_type=\"heading.default\">\n\t\t\t\t<div class=\"elementor-widget-container\">\n\t\t\t<h2 class=\"elementor-heading-title elementor-size-default\">Mission d\u2019accompagnement concernant le d\u00e9ploiement d\u2019une \u00e9cole intercommunale de musique<\/h2>\t\t<\/div>\n\t\t\t\t<\/div>\n\t\t\t\t\t<\/div>\n\t\t<\/div>\n\t\t\t\t<div class=\"elementor-column elementor-col-50 elementor-inner-column elementor-element elementor-element-b5b8b68\" data-id=\"b5b8b68\" data-element_type=\"column\">\n\t\t\t<div class=\"elementor-widget-wrap elementor-element-populated\">\n\t\t\t\t\t\t<div class=\"elementor-element elementor-element-26bfbe0 elementor-hidden-phone elementor-widget elementor-widget-image\" data-id=\"26bfbe0\" data-element_type=\"widget\" data-widget_type=\"image.default\">\n\t\t\t\t<div class=\"elementor-widget-container\">\n\t\t\t\t\t\t\t\t\t\t\t\t\t<img decoding=\"async\" src=\"https:\/\/amvconseil.fr\/wp-content\/uploads\/2020\/12\/cc-beauce-val-de-loire.png\" title=\"cc beauce val de loire\" alt=\"cc beauce val de loire\" loading=\"lazy\" \/>\t\t\t\t\t\t\t\t\t\t\t\t\t<\/div>\n\t\t\t\t<\/div>\n\t\t\t\t\t<\/div>\n\t\t<\/div>\n\t\t\t\t\t<\/div>\n\t\t<\/section>\n\t\t\t\t<div class=\"elementor-element elementor-element-175c77b elementor-widget elementor-widget-text-editor\" data-id=\"175c77b\" data-element_type=\"widget\" data-widget_type=\"text-editor.default\">\n\t\t\t\t<div class=\"elementor-widget-container\">\n\t\t\t\t\t\t\t<p><strong>CONTEXTE ET ENJEUX<\/strong><br \/>La communaut\u00e9 de communes \u00e0 pris, en janvier 2018, la comp\u00e9tence \u201censeignement musical\u201d. Dans le m\u00eame temps, d\u2019une association du territoire ont indiqu\u00e9 leur souhait d\u2019arr\u00eater leurs activit\u00e9s pour la fin juin 2019.<br \/>Dans ce contexte, j\u2019ai \u00e9t\u00e9 missionn\u00e9 pour accompagner le directeur de l\u2019\u00e9cole de musique pour l\u2019int\u00e9gration de ces deux \u00e9coles dans le p\u00e9rim\u00e8tre intercommunal.<\/p><p><strong>PRESTATIONS R\u00c9ALIS\u00c9ES<\/strong><br \/>\u00c9tat des lieux et diagnostic, utilisation d\u2019outils de g\u00e9omarketing<br \/>Proposition et pr\u00e9sentation de sc\u00e9narii au bureau des maires<br \/>Recommandations et Plan d\u2019actions pour la mise en oeuvre effective<br \/>Accompagnement plus sp\u00e9cifique du directeur de l\u2019\u00e9cole de musique<br \/>Cr\u00e9ation de nouveaux outils<\/p><p><strong>CHIFFRES CLEFS<\/strong><br \/>\u2013 Calendrier de mission tr\u00e8s contraint (moins de deux mois)<br \/>\u2013 Sc\u00e9nario valid\u00e9 par les \u00e9lus avec une vision financi\u00e8re pr\u00e9cise<br \/>\u2013 Cr\u00e9ation d\u2019une base \u00e9l\u00e8ves, optimisation des supports administratifs<br \/>\u2013 plus de 25 000 habitants<br \/>\u2013 Localisation : Loir et Cher<\/p>\t\t\t\t\t\t<\/div>\n\t\t\t\t<\/div>\n\t\t\t\t<div class=\"elementor-element elementor-element-7e71d0c elementor-widget-divider--view-line elementor-widget elementor-widget-divider\" data-id=\"7e71d0c\" data-element_type=\"widget\" data-widget_type=\"divider.default\">\n\t\t\t\t<div class=\"elementor-widget-container\">\n\t\t\t\t\t<div class=\"elementor-divider\">\n\t\t\t<span class=\"elementor-divider-separator\">\n\t\t\t\t\t\t<\/span>\n\t\t<\/div>\n\t\t\t\t<\/div>\n\t\t\t\t<\/div>\n\t\t\t\t\t<\/div>\n\t\t<\/div>\n\t\t\t\t\t<\/div>\n\t\t<\/section>\n\t\t\t\t<section class=\"elementor-section elementor-top-section elementor-element elementor-element-881222a elementor-section-boxed elementor-section-height-default elementor-section-height-default\" data-id=\"881222a\" data-element_type=\"section\">\n\t\t\t\t\t\t<div class=\"elementor-container elementor-column-gap-default\">\n\t\t\t\t\t<div class=\"elementor-column elementor-col-100 elementor-top-column elementor-element elementor-element-59c36e3\" data-id=\"59c36e3\" data-element_type=\"column\">\n\t\t\t<div class=\"elementor-widget-wrap elementor-element-populated\">\n\t\t\t\t\t\t<section class=\"elementor-section elementor-inner-section elementor-element elementor-element-ef641be elementor-section-boxed elementor-section-height-default elementor-section-height-default\" data-id=\"ef641be\" data-element_type=\"section\">\n\t\t\t\t\t\t<div class=\"elementor-container elementor-column-gap-default\">\n\t\t\t\t\t<div class=\"elementor-column elementor-col-50 elementor-inner-column elementor-element elementor-element-e3483c9\" data-id=\"e3483c9\" data-element_type=\"column\">\n\t\t\t<div class=\"elementor-widget-wrap elementor-element-populated\">\n\t\t\t\t\t\t<div class=\"elementor-element elementor-element-6478476 elementor-widget elementor-widget-heading\" data-id=\"6478476\" data-element_type=\"widget\" data-widget_type=\"heading.default\">\n\t\t\t\t<div class=\"elementor-widget-container\">\n\t\t\t<h2 class=\"elementor-heading-title elementor-size-default\">Communaut\u00e9 de Communes du CastelRenaudais<\/h2>\t\t<\/div>\n\t\t\t\t<\/div>\n\t\t\t\t<div class=\"elementor-element elementor-element-ae72e52 elementor-widget elementor-widget-heading\" data-id=\"ae72e52\" data-element_type=\"widget\" data-widget_type=\"heading.default\">\n\t\t\t\t<div class=\"elementor-widget-container\">\n\t\t\t<h2 class=\"elementor-heading-title elementor-size-default\">Mission d\u2019analyse de l\u2019exploitation d\u2019un centre aquatique et accompagnement des \u00e9quipe<\/h2>\t\t<\/div>\n\t\t\t\t<\/div>\n\t\t\t\t\t<\/div>\n\t\t<\/div>\n\t\t\t\t<div class=\"elementor-column elementor-col-50 elementor-inner-column elementor-element elementor-element-89a1c3b\" data-id=\"89a1c3b\" data-element_type=\"column\">\n\t\t\t<div class=\"elementor-widget-wrap elementor-element-populated\">\n\t\t\t\t\t\t<div class=\"elementor-element elementor-element-4ac29d9 elementor-hidden-phone elementor-widget elementor-widget-image\" data-id=\"4ac29d9\" data-element_type=\"widget\" data-widget_type=\"image.default\">\n\t\t\t\t<div class=\"elementor-widget-container\">\n\t\t\t\t\t\t\t\t\t\t\t\t\t<img decoding=\"async\" src=\"https:\/\/amvconseil.fr\/wp-content\/uploads\/2020\/12\/cc-castelrenaudais.png\" title=\"cc castelrenaudais\" alt=\"cc castelrenaudais\" loading=\"lazy\" \/>\t\t\t\t\t\t\t\t\t\t\t\t\t<\/div>\n\t\t\t\t<\/div>\n\t\t\t\t\t<\/div>\n\t\t<\/div>\n\t\t\t\t\t<\/div>\n\t\t<\/section>\n\t\t\t\t<div class=\"elementor-element elementor-element-b3c932f elementor-widget elementor-widget-text-editor\" data-id=\"b3c932f\" data-element_type=\"widget\" data-widget_type=\"text-editor.default\">\n\t\t\t\t<div class=\"elementor-widget-container\">\n\t\t\t\t\t\t\t<p><strong>CONTEXTE ET ENJEUX<\/strong><br \/>Suite au d\u00e9part du directeur du centre aquatique, la direction g\u00e9n\u00e9rale de la Com Com a voulu faire un audit du fonctionnement de cet \u00e9quipement, d\u2019essayer d\u2019optimiser la gestion et les outils, d\u2019accompagner l\u2019\u00e9quipe dans cette d\u00e9marche et plus particuli\u00e8rement la chef de bassin pour en assurer \u00e0 terme la direction.<\/p><p><strong>PRESTATIONS R\u00c9ALIS\u00c9ES<\/strong><br \/>\u00c9tat des lieux et diagnostic<br \/>Recommandations<br \/>Plan d\u2019actions<br \/>Formation et conseil des \u00e9quipes. Accompagnement plus sp\u00e9cifique pour la future directrice de l\u2019\u00e9quipement<br \/>Cr\u00e9ation de nouveaux outils, modification organigramme, accompagnement au changement\u2026<\/p><p><strong>GAINS\/<\/strong><b>B\u00c9N\u00c9FICES<\/b><br \/>Augmentation de 14% du volume d&rsquo;ouverture de l&rsquo;\u00e9quipement au public \u00e0 moyens constants<br \/>Modification des fiches de postes en concertation avec l&rsquo;\u00e9quipe<br \/>Renouvellement\/modernisation des outils et process Interne.<\/p><p><img loading=\"lazy\" decoding=\"async\" class=\"alignnone wp-image-259\" src=\"http:\/\/amvconseil.fr\/wp-content\/uploads\/2020\/05\/Fichier-105@3x.png\" alt=\"\" width=\"74\" height=\"74\" srcset=\"https:\/\/amvconseil.fr\/wp-content\/uploads\/2020\/05\/Fichier-105@3x.png 165w, https:\/\/amvconseil.fr\/wp-content\/uploads\/2020\/05\/Fichier-105@3x-150x150.png 150w\" sizes=\"(max-width: 74px) 100vw, 74px\" \/> <strong>Ce qu&rsquo;a dit la directrice du centre aquatique en fin de mission \u00ab\u00a0<em>Merci \u00e0 Bertrand pour son aide qui m&rsquo;a \u00e9t\u00e9 b\u00e9n\u00e9fique dans la gestion du centre aquatique via des outils efficaces, un coaching adapt\u00e9 et une grande disponibilit\u00e9<\/em>\u00ab\u00a0<\/strong><\/p><p><strong>Et la DGS \u00ab\u00a0<em>Le consultant AMV conseil a assur\u00e9 sa mission avec efficacit\u00e9 et r\u00e9activit\u00e9 dans un climat de confiance et de respect. Il a su \u00eatre \u00e0 l&rsquo;\u00e9coute des besoins et des attentes des \u00e9lus, de l&rsquo;\u00e9quipe et de la responsable de site pour lequel il avait la mission.<\/em>\u00ab\u00a0<\/strong><\/p><p><strong>CHIFFRES CLEFS<\/strong><br \/>\u2013 augmentation de 10% des ouvertures aux publics de l\u2019\u00e9quipement, \u00e0 effectif constant<br \/>\u2013 mise en place d\u2019une d\u00e9l\u00e9gation de service public pour le gros entretien du matin<br \/>\u2013 mont\u00e9e en puissance des missions MNS autour de projets (m\u00e9thodologie, calendrier annuel des manifestations)<br \/>\u2013 plus de 20 000 habitants<br \/>\u2013 Localisation : Indre-et-Loire<\/p>\t\t\t\t\t\t<\/div>\n\t\t\t\t<\/div>\n\t\t\t\t<div class=\"elementor-element elementor-element-b99baab elementor-widget-divider--view-line elementor-widget elementor-widget-divider\" data-id=\"b99baab\" data-element_type=\"widget\" data-widget_type=\"divider.default\">\n\t\t\t\t<div class=\"elementor-widget-container\">\n\t\t\t\t\t<div class=\"elementor-divider\">\n\t\t\t<span class=\"elementor-divider-separator\">\n\t\t\t\t\t\t<\/span>\n\t\t<\/div>\n\t\t\t\t<\/div>\n\t\t\t\t<\/div>\n\t\t\t\t\t<\/div>\n\t\t<\/div>\n\t\t\t\t\t<\/div>\n\t\t<\/section>\n\t\t\t\t<section class=\"elementor-section elementor-top-section elementor-element elementor-element-726ccd7 elementor-section-boxed elementor-section-height-default elementor-section-height-default\" data-id=\"726ccd7\" data-element_type=\"section\">\n\t\t\t\t\t\t<div class=\"elementor-container elementor-column-gap-default\">\n\t\t\t\t\t<div class=\"elementor-column elementor-col-100 elementor-top-column elementor-element elementor-element-16d7133\" data-id=\"16d7133\" data-element_type=\"column\">\n\t\t\t<div class=\"elementor-widget-wrap elementor-element-populated\">\n\t\t\t\t\t\t<section class=\"elementor-section elementor-inner-section elementor-element elementor-element-91bb059 elementor-section-boxed elementor-section-height-default elementor-section-height-default\" data-id=\"91bb059\" data-element_type=\"section\">\n\t\t\t\t\t\t<div class=\"elementor-container elementor-column-gap-default\">\n\t\t\t\t\t<div class=\"elementor-column elementor-col-50 elementor-inner-column elementor-element elementor-element-72f16c8\" data-id=\"72f16c8\" data-element_type=\"column\">\n\t\t\t<div class=\"elementor-widget-wrap elementor-element-populated\">\n\t\t\t\t\t\t<div class=\"elementor-element elementor-element-6744860 elementor-widget elementor-widget-heading\" data-id=\"6744860\" data-element_type=\"widget\" data-widget_type=\"heading.default\">\n\t\t\t\t<div class=\"elementor-widget-container\">\n\t\t\t<h2 class=\"elementor-heading-title elementor-size-default\">Commune de Saint-Germain-du-Puy<\/h2>\t\t<\/div>\n\t\t\t\t<\/div>\n\t\t\t\t<div class=\"elementor-element elementor-element-27c2d2a elementor-widget elementor-widget-heading\" data-id=\"27c2d2a\" data-element_type=\"widget\" data-widget_type=\"heading.default\">\n\t\t\t\t<div class=\"elementor-widget-container\">\n\t\t\t<h2 class=\"elementor-heading-title elementor-size-default\">Mission d\u2019accompagnement des services et des \u00e9lus pour une bonne mise en \u0153uvre du projet municipal<\/h2>\t\t<\/div>\n\t\t\t\t<\/div>\n\t\t\t\t\t<\/div>\n\t\t<\/div>\n\t\t\t\t<div class=\"elementor-column elementor-col-50 elementor-inner-column elementor-element elementor-element-97c8eca\" data-id=\"97c8eca\" data-element_type=\"column\">\n\t\t\t<div class=\"elementor-widget-wrap elementor-element-populated\">\n\t\t\t\t\t\t<div class=\"elementor-element elementor-element-dadb6af elementor-hidden-phone elementor-widget elementor-widget-image\" data-id=\"dadb6af\" data-element_type=\"widget\" data-widget_type=\"image.default\">\n\t\t\t\t<div class=\"elementor-widget-container\">\n\t\t\t\t\t\t\t\t\t\t\t\t\t<img decoding=\"async\" src=\"https:\/\/amvconseil.fr\/wp-content\/uploads\/2020\/12\/logo-saint-germain-du-puy.png\" title=\"logo-saint-germain-du-puy\" alt=\"logo-saint-germain-du-puy\" loading=\"lazy\" \/>\t\t\t\t\t\t\t\t\t\t\t\t\t<\/div>\n\t\t\t\t<\/div>\n\t\t\t\t\t<\/div>\n\t\t<\/div>\n\t\t\t\t\t<\/div>\n\t\t<\/section>\n\t\t\t\t<div class=\"elementor-element elementor-element-86c4838 elementor-widget elementor-widget-text-editor\" data-id=\"86c4838\" data-element_type=\"widget\" data-widget_type=\"text-editor.default\">\n\t\t\t\t<div class=\"elementor-widget-container\">\n\t\t\t\t\t\t\t<p><strong>CONTEXTE ET ENJEUX<\/strong><br \/>Suite \u00e0 une \u00e9lection municipale anticip\u00e9e, volont\u00e9 de la nouvelle \u00e9quipe de faire r\u00e9aliser un audit organisationnel externe, de proposer un plan d\u2019actions visant \u00e0 am\u00e9liorer le fonctionnement de la structure, accompagner les diff\u00e9rents acteurs dans ce changement.<\/p><p><strong>PRESTATIONS R\u00c9ALIS\u00c9ES<\/strong><br \/>\u00c9tat des lieux et diagnostic<br \/>Recommandations<br \/>Plan d\u2019actions<br \/>Formation et conseil des \u00e9quipes<br \/>Cr\u00e9ation de nouveaux outils, modification organigramme, accompagnement au changement\u2026<\/p><p><strong>GAINS\/<\/strong><b>B\u00c9N\u00c9FICES<\/b><br \/>R\u00e9organisation des \u00e9quipes techniques\u00a0<br \/>Bien que non souhait\u00e9 initialement, la d\u00e9marche a entra\u00een\u00e9 9 d\u00e9parts volontaires qui ont permis une r\u00e9organisation des missions et une optimisation des ressources humaines<br \/><br \/><\/p><p><strong>CHIFFRES CLEFS<\/strong><br \/>\u2013 plus de 5 000 habitants<br \/>\u2013 pr\u00e8s de 100 ETP<br \/>Localisation : Cher<\/p>\t\t\t\t\t\t<\/div>\n\t\t\t\t<\/div>\n\t\t\t\t<div class=\"elementor-element elementor-element-eaf9bad elementor-widget-divider--view-line elementor-widget elementor-widget-divider\" data-id=\"eaf9bad\" data-element_type=\"widget\" data-widget_type=\"divider.default\">\n\t\t\t\t<div class=\"elementor-widget-container\">\n\t\t\t\t\t<div class=\"elementor-divider\">\n\t\t\t<span class=\"elementor-divider-separator\">\n\t\t\t\t\t\t<\/span>\n\t\t<\/div>\n\t\t\t\t<\/div>\n\t\t\t\t<\/div>\n\t\t\t\t\t<\/div>\n\t\t<\/div>\n\t\t\t\t\t<\/div>\n\t\t<\/section>\n\t\t\t\t<section class=\"elementor-section elementor-top-section elementor-element elementor-element-b57b445 elementor-section-boxed elementor-section-height-default elementor-section-height-default\" data-id=\"b57b445\" data-element_type=\"section\">\n\t\t\t\t\t\t<div class=\"elementor-container elementor-column-gap-default\">\n\t\t\t\t\t<div class=\"elementor-column elementor-col-100 elementor-top-column elementor-element elementor-element-ff5d70a\" data-id=\"ff5d70a\" data-element_type=\"column\">\n\t\t\t<div class=\"elementor-widget-wrap elementor-element-populated\">\n\t\t\t\t\t\t<section class=\"elementor-section elementor-inner-section elementor-element elementor-element-e36d4fe elementor-section-boxed elementor-section-height-default elementor-section-height-default\" data-id=\"e36d4fe\" data-element_type=\"section\">\n\t\t\t\t\t\t<div class=\"elementor-container elementor-column-gap-default\">\n\t\t\t\t\t<div class=\"elementor-column elementor-col-50 elementor-inner-column elementor-element elementor-element-e4351bc\" data-id=\"e4351bc\" data-element_type=\"column\">\n\t\t\t<div class=\"elementor-widget-wrap elementor-element-populated\">\n\t\t\t\t\t\t<div class=\"elementor-element elementor-element-3c9a22e elementor-widget elementor-widget-heading\" data-id=\"3c9a22e\" data-element_type=\"widget\" data-widget_type=\"heading.default\">\n\t\t\t\t<div class=\"elementor-widget-container\">\n\t\t\t<h2 class=\"elementor-heading-title elementor-size-default\">Communaut\u00e9 de Communes du Grand Chambord<\/h2>\t\t<\/div>\n\t\t\t\t<\/div>\n\t\t\t\t<div class=\"elementor-element elementor-element-9f1476b elementor-widget elementor-widget-heading\" data-id=\"9f1476b\" data-element_type=\"widget\" data-widget_type=\"heading.default\">\n\t\t\t\t<div class=\"elementor-widget-container\">\n\t\t\t<h2 class=\"elementor-heading-title elementor-size-default\">Mission d\u2019assistance \u00e0 ma\u00eetrise d\u2019ouvrage pour la mise en \u0153uvre de la D\u00e9l\u00e9gation de Service Public du complexe aquatique communautaire<\/h2>\t\t<\/div>\n\t\t\t\t<\/div>\n\t\t\t\t\t<\/div>\n\t\t<\/div>\n\t\t\t\t<div class=\"elementor-column elementor-col-50 elementor-inner-column elementor-element elementor-element-2f89897\" data-id=\"2f89897\" data-element_type=\"column\">\n\t\t\t<div class=\"elementor-widget-wrap elementor-element-populated\">\n\t\t\t\t\t\t<div class=\"elementor-element elementor-element-1e3a1a0 elementor-hidden-phone elementor-widget elementor-widget-image\" data-id=\"1e3a1a0\" data-element_type=\"widget\" data-widget_type=\"image.default\">\n\t\t\t\t<div class=\"elementor-widget-container\">\n\t\t\t\t\t\t\t\t\t\t\t\t\t<img decoding=\"async\" src=\"https:\/\/amvconseil.fr\/wp-content\/uploads\/2020\/12\/cc-grand-chambord.png\" title=\"cc grand chambord\" alt=\"cc grand chambord\" loading=\"lazy\" \/>\t\t\t\t\t\t\t\t\t\t\t\t\t<\/div>\n\t\t\t\t<\/div>\n\t\t\t\t\t<\/div>\n\t\t<\/div>\n\t\t\t\t\t<\/div>\n\t\t<\/section>\n\t\t\t\t<div class=\"elementor-element elementor-element-86df504 elementor-widget elementor-widget-text-editor\" data-id=\"86df504\" data-element_type=\"widget\" data-widget_type=\"text-editor.default\">\n\t\t\t\t<div class=\"elementor-widget-container\">\n\t\t\t\t\t\t\t<p><strong>CONTEXTE ET ENJEUX<\/strong><br \/>La Communaut\u00e9 de Communes a d\u00e9cid\u00e9 de construire un nouveau centre aquatique en lieu et place de l\u2019ancienne piscine communale de Saint Laurent Nouan. Apr\u00e8s une \u00e9tude sur les diff\u00e9rents mode de gestion (interne ou externe), le lancement d\u2019une consultation pour une DSP a \u00e9t\u00e9 pris.<\/p><p><strong>PRESTATIONS R\u00c9ALIS\u00c9ES<\/strong><br \/>Aide \u00e0 la d\u00e9cision sur le mode de gestion<br \/>D\u00e9ploiement d\u2019une mod\u00e9lisation de gestion d\u2019un centre aquatique pour affiner les \u00e9tudes sur le co\u00fbt de la future exploitation<br \/>Participation \u00e0 la r\u00e9daction des parties techniques de l\u2019appel d\u2019offres et propositions des crit\u00e8res de s\u00e9lection<br \/>Participation aux jurys d\u2019audition\/s\u00e9lection des candidats<br \/>R\u00e9daction du rapport d\u2019analyse des offres de la DSP<\/p><p><strong>CHIFFRES CLEFS<\/strong><br \/>\u2013 plus de 20 000 habitants<br \/>\u2013 17 communes<br \/>Localisation : Loir et Cher<\/p>\t\t\t\t\t\t<\/div>\n\t\t\t\t<\/div>\n\t\t\t\t\t<\/div>\n\t\t<\/div>\n\t\t\t\t\t<\/div>\n\t\t<\/section>\n\t\t\t\t<section class=\"elementor-section elementor-top-section elementor-element elementor-element-1b5a6d3 elementor-section-boxed elementor-section-height-default elementor-section-height-default\" data-id=\"1b5a6d3\" data-element_type=\"section\">\n\t\t\t\t\t\t<div class=\"elementor-container elementor-column-gap-default\">\n\t\t\t\t\t<div class=\"elementor-column elementor-col-100 elementor-top-column elementor-element elementor-element-5f81b32\" data-id=\"5f81b32\" data-element_type=\"column\">\n\t\t\t<div class=\"elementor-widget-wrap elementor-element-populated\">\n\t\t\t\t\t\t<div class=\"elementor-element elementor-element-471a920 elementor-widget-divider--view-line elementor-widget elementor-widget-divider\" data-id=\"471a920\" data-element_type=\"widget\" data-widget_type=\"divider.default\">\n\t\t\t\t<div class=\"elementor-widget-container\">\n\t\t\t\t\t<div class=\"elementor-divider\">\n\t\t\t<span class=\"elementor-divider-separator\">\n\t\t\t\t\t\t<\/span>\n\t\t<\/div>\n\t\t\t\t<\/div>\n\t\t\t\t<\/div>\n\t\t\t\t<div class=\"elementor-element elementor-element-58bb6a8 elementor-widget elementor-widget-spacer\" data-id=\"58bb6a8\" data-element_type=\"widget\" data-widget_type=\"spacer.default\">\n\t\t\t\t<div class=\"elementor-widget-container\">\n\t\t\t\t\t<div class=\"elementor-spacer\">\n\t\t\t<div class=\"elementor-spacer-inner\"><\/div>\n\t\t<\/div>\n\t\t\t\t<\/div>\n\t\t\t\t<\/div>\n\t\t\t\t<div class=\"elementor-element elementor-element-f89ae3c elementor-widget elementor-widget-image\" data-id=\"f89ae3c\" data-element_type=\"widget\" data-widget_type=\"image.default\">\n\t\t\t\t<div class=\"elementor-widget-container\">\n\t\t\t\t\t\t\t\t\t\t\t\t\t<img decoding=\"async\" src=\"https:\/\/amvconseil.fr\/wp-content\/uploads\/2020\/05\/Fichier-75@4x.png\" title=\"Fichier 75@4x\" alt=\"Fichier 75@4x\" loading=\"lazy\" \/>\t\t\t\t\t\t\t\t\t\t\t\t\t<\/div>\n\t\t\t\t<\/div>\n\t\t\t\t<div class=\"elementor-element elementor-element-c4e3d3c elementor-shape-square elementor-grid-0 e-grid-align-center elementor-widget elementor-widget-social-icons\" data-id=\"c4e3d3c\" data-element_type=\"widget\" data-widget_type=\"social-icons.default\">\n\t\t\t\t<div class=\"elementor-widget-container\">\n\t\t\t\t\t<div class=\"elementor-social-icons-wrapper elementor-grid\">\n\t\t\t\t\t\t\t<span class=\"elementor-grid-item\">\n\t\t\t\t\t<a class=\"elementor-icon elementor-social-icon elementor-social-icon-linkedin elementor-repeater-item-fce2ee2\" href=\"https:\/\/www.linkedin.com\/in\/bertrand-poitou-89ab04bb\/\" target=\"_blank\">\n\t\t\t\t\t\t<span class=\"elementor-screen-only\">Linkedin<\/span>\n\t\t\t\t\t\t<i class=\"fab fa-linkedin\"><\/i>\t\t\t\t\t<\/a>\n\t\t\t\t<\/span>\n\t\t\t\t\t<\/div>\n\t\t\t\t<\/div>\n\t\t\t\t<\/div>\n\t\t\t\t\t<\/div>\n\t\t<\/div>\n\t\t\t\t\t<\/div>\n\t\t<\/section>\n\t\t\t\t<\/div>\n\t\t","protected":false},"excerpt":{"rendered":"<p>secteur public Exemples d&rsquo;interventions \/ R\u00e9ferences Commune de Veretz Analyse situationnelle et animation d&rsquo;un Future Search CONTEXTE ET ENJEUXUne nouvelle \u00e9quipe arrivant \u00e0 la mairie, celle-ci a voulu associer davantage les services au projet politique. Pour ce faire elle a souhait\u00e9 entendre l&rsquo;ensemble des agents et mettre en place une action en intelligence collective pour&hellip;&nbsp;<a href=\"https:\/\/amvconseil.fr\/?page_id=116\" class=\"\" rel=\"bookmark\">Lire la suite &raquo;<span class=\"screen-reader-text\">Secteur Public<\/span><\/a><\/p>\n","protected":false},"author":1,"featured_media":0,"parent":0,"menu_order":0,"comment_status":"closed","ping_status":"closed","template":"page-templates\/template-pagebuilder-full-width.php","meta":[],"yoast_head":"<!-- This site is optimized with the Yoast SEO plugin v21.1 - https:\/\/yoast.com\/wordpress\/plugins\/seo\/ -->\n<title>Secteur Public -<\/title>\n<meta name=\"robots\" content=\"index, follow, max-snippet:-1, max-image-preview:large, max-video-preview:-1\" \/>\n<link rel=\"canonical\" href=\"https:\/\/amvconseil.fr\/?page_id=116\" \/>\n<meta property=\"og:locale\" content=\"fr_FR\" \/>\n<meta property=\"og:type\" content=\"article\" \/>\n<meta property=\"og:title\" content=\"Secteur Public -\" \/>\n<meta property=\"og:description\" content=\"secteur public Exemples d&rsquo;interventions \/ R\u00e9ferences Commune de Veretz Analyse situationnelle et animation d&rsquo;un Future Search CONTEXTE ET ENJEUXUne nouvelle \u00e9quipe arrivant \u00e0 la mairie, celle-ci a voulu associer davantage les services au projet politique. Pour ce faire elle a souhait\u00e9 entendre l&rsquo;ensemble des agents et mettre en place une action en intelligence collective pour&hellip;&nbsp;Lire la suite &raquo;Secteur Public\" \/>\n<meta property=\"og:url\" content=\"https:\/\/amvconseil.fr\/?page_id=116\" \/>\n<meta property=\"article:modified_time\" content=\"2020-12-03T14:40:28+00:00\" \/>\n<meta property=\"og:image\" content=\"http:\/\/amvconseil.fr\/wp-content\/uploads\/2020\/05\/AMV-Secteur-2.jpg\" \/>\n<meta name=\"twitter:card\" content=\"summary_large_image\" \/>\n<meta name=\"twitter:label1\" content=\"Dur\u00e9e de lecture estim\u00e9e\" \/>\n\t<meta name=\"twitter:data1\" content=\"8 minutes\" \/>\n<script type=\"application\/ld+json\" class=\"yoast-schema-graph\">{\"@context\":\"https:\/\/schema.org\",\"@graph\":[{\"@type\":\"WebPage\",\"@id\":\"https:\/\/amvconseil.fr\/?page_id=116\",\"url\":\"https:\/\/amvconseil.fr\/?page_id=116\",\"name\":\"Secteur Public -\",\"isPartOf\":{\"@id\":\"https:\/\/amvconseil.fr\/#website\"},\"datePublished\":\"2020-05-15T21:40:25+00:00\",\"dateModified\":\"2020-12-03T14:40:28+00:00\",\"breadcrumb\":{\"@id\":\"https:\/\/amvconseil.fr\/?page_id=116#breadcrumb\"},\"inLanguage\":\"fr-FR\",\"potentialAction\":[{\"@type\":\"ReadAction\",\"target\":[\"https:\/\/amvconseil.fr\/?page_id=116\"]}]},{\"@type\":\"BreadcrumbList\",\"@id\":\"https:\/\/amvconseil.fr\/?page_id=116#breadcrumb\",\"itemListElement\":[{\"@type\":\"ListItem\",\"position\":1,\"name\":\"Accueil\",\"item\":\"https:\/\/amvconseil.fr\/\"},{\"@type\":\"ListItem\",\"position\":2,\"name\":\"Secteur Public\"}]},{\"@type\":\"WebSite\",\"@id\":\"https:\/\/amvconseil.fr\/#website\",\"url\":\"https:\/\/amvconseil.fr\/\",\"name\":\"AMV CONSEIL\",\"description\":\"\",\"publisher\":{\"@id\":\"https:\/\/amvconseil.fr\/#organization\"},\"potentialAction\":[{\"@type\":\"SearchAction\",\"target\":{\"@type\":\"EntryPoint\",\"urlTemplate\":\"https:\/\/amvconseil.fr\/?s={search_term_string}\"},\"query-input\":\"required name=search_term_string\"}],\"inLanguage\":\"fr-FR\"},{\"@type\":\"Organization\",\"@id\":\"https:\/\/amvconseil.fr\/#organization\",\"name\":\"AMV Conseil\",\"url\":\"https:\/\/amvconseil.fr\/\",\"logo\":{\"@type\":\"ImageObject\",\"inLanguage\":\"fr-FR\",\"@id\":\"https:\/\/amvconseil.fr\/#\/schema\/logo\/image\/\",\"url\":\"https:\/\/amvconseil.fr\/wp-content\/uploads\/2020\/05\/cropped-Fichier-106@0.75x-1.png\",\"contentUrl\":\"https:\/\/amvconseil.fr\/wp-content\/uploads\/2020\/05\/cropped-Fichier-106@0.75x-1.png\",\"width\":249,\"height\":46,\"caption\":\"AMV Conseil\"},\"image\":{\"@id\":\"https:\/\/amvconseil.fr\/#\/schema\/logo\/image\/\"},\"sameAs\":[\"https:\/\/www.linkedin.com\/in\/bertrand-poitou\/\"]}]}<\/script>\n<!-- \/ Yoast SEO plugin. -->","yoast_head_json":{"title":"Secteur Public -","robots":{"index":"index","follow":"follow","max-snippet":"max-snippet:-1","max-image-preview":"max-image-preview:large","max-video-preview":"max-video-preview:-1"},"canonical":"https:\/\/amvconseil.fr\/?page_id=116","og_locale":"fr_FR","og_type":"article","og_title":"Secteur Public -","og_description":"secteur public Exemples d&rsquo;interventions \/ R\u00e9ferences Commune de Veretz Analyse situationnelle et animation d&rsquo;un Future Search CONTEXTE ET ENJEUXUne nouvelle \u00e9quipe arrivant \u00e0 la mairie, celle-ci a voulu associer davantage les services au projet politique. Pour ce faire elle a souhait\u00e9 entendre l&rsquo;ensemble des agents et mettre en place une action en intelligence collective pour&hellip;&nbsp;Lire la suite &raquo;Secteur Public","og_url":"https:\/\/amvconseil.fr\/?page_id=116","article_modified_time":"2020-12-03T14:40:28+00:00","og_image":[{"url":"http:\/\/amvconseil.fr\/wp-content\/uploads\/2020\/05\/AMV-Secteur-2.jpg"}],"twitter_card":"summary_large_image","twitter_misc":{"Dur\u00e9e de lecture estim\u00e9e":"8 minutes"},"schema":{"@context":"https:\/\/schema.org","@graph":[{"@type":"WebPage","@id":"https:\/\/amvconseil.fr\/?page_id=116","url":"https:\/\/amvconseil.fr\/?page_id=116","name":"Secteur Public -","isPartOf":{"@id":"https:\/\/amvconseil.fr\/#website"},"datePublished":"2020-05-15T21:40:25+00:00","dateModified":"2020-12-03T14:40:28+00:00","breadcrumb":{"@id":"https:\/\/amvconseil.fr\/?page_id=116#breadcrumb"},"inLanguage":"fr-FR","potentialAction":[{"@type":"ReadAction","target":["https:\/\/amvconseil.fr\/?page_id=116"]}]},{"@type":"BreadcrumbList","@id":"https:\/\/amvconseil.fr\/?page_id=116#breadcrumb","itemListElement":[{"@type":"ListItem","position":1,"name":"Accueil","item":"https:\/\/amvconseil.fr\/"},{"@type":"ListItem","position":2,"name":"Secteur Public"}]},{"@type":"WebSite","@id":"https:\/\/amvconseil.fr\/#website","url":"https:\/\/amvconseil.fr\/","name":"AMV CONSEIL","description":"","publisher":{"@id":"https:\/\/amvconseil.fr\/#organization"},"potentialAction":[{"@type":"SearchAction","target":{"@type":"EntryPoint","urlTemplate":"https:\/\/amvconseil.fr\/?s={search_term_string}"},"query-input":"required name=search_term_string"}],"inLanguage":"fr-FR"},{"@type":"Organization","@id":"https:\/\/amvconseil.fr\/#organization","name":"AMV Conseil","url":"https:\/\/amvconseil.fr\/","logo":{"@type":"ImageObject","inLanguage":"fr-FR","@id":"https:\/\/amvconseil.fr\/#\/schema\/logo\/image\/","url":"https:\/\/amvconseil.fr\/wp-content\/uploads\/2020\/05\/cropped-Fichier-106@0.75x-1.png","contentUrl":"https:\/\/amvconseil.fr\/wp-content\/uploads\/2020\/05\/cropped-Fichier-106@0.75x-1.png","width":249,"height":46,"caption":"AMV Conseil"},"image":{"@id":"https:\/\/amvconseil.fr\/#\/schema\/logo\/image\/"},"sameAs":["https:\/\/www.linkedin.com\/in\/bertrand-poitou\/"]}]}},"_links":{"self":[{"href":"https:\/\/amvconseil.fr\/index.php?rest_route=\/wp\/v2\/pages\/116"}],"collection":[{"href":"https:\/\/amvconseil.fr\/index.php?rest_route=\/wp\/v2\/pages"}],"about":[{"href":"https:\/\/amvconseil.fr\/index.php?rest_route=\/wp\/v2\/types\/page"}],"author":[{"embeddable":true,"href":"https:\/\/amvconseil.fr\/index.php?rest_route=\/wp\/v2\/users\/1"}],"replies":[{"embeddable":true,"href":"https:\/\/amvconseil.fr\/index.php?rest_route=%2Fwp%2Fv2%2Fcomments&post=116"}],"version-history":[{"count":32,"href":"https:\/\/amvconseil.fr\/index.php?rest_route=\/wp\/v2\/pages\/116\/revisions"}],"predecessor-version":[{"id":614,"href":"https:\/\/amvconseil.fr\/index.php?rest_route=\/wp\/v2\/pages\/116\/revisions\/614"}],"wp:attachment":[{"href":"https:\/\/amvconseil.fr\/index.php?rest_route=%2Fwp%2Fv2%2Fmedia&parent=116"}],"curies":[{"name":"wp","href":"https:\/\/api.w.org\/{rel}","templated":true}]}}